{"id":591,"date":"2023-04-04T11:20:02","date_gmt":"2023-04-04T11:20:02","guid":{"rendered":"https:\/\/aresca.eu\/?post_type=project&#038;p=591"},"modified":"2024-01-02T13:32:14","modified_gmt":"2024-01-02T13:32:14","slug":"llimona","status":"publish","type":"project","link":"https:\/\/aresca.eu\/esp\/project\/limon\/","title":{"rendered":"Lim\u00f3n"},"content":{"rendered":"<p>[et_pb_section fb_built=&#8221;1&#8243; _builder_version=&#8221;4.17.1&#8243; _module_preset=&#8221;default&#8221; background_image=&#8221;https:\/\/aresca.eu\/wp-content\/uploads\/2023\/01\/verdures.png&#8221; parallax=&#8221;on&#8221; height=&#8221;50vh&#8221; global_colors_info=&#8221;{}&#8221;][et_pb_row _builder_version=&#8221;4.17.1&#8243; _module_preset=&#8221;default&#8221; max_width=&#8221;1300px&#8221; height=&#8221;100%&#8221; custom_css_main_element=&#8221;display: flex;||flex-direction: column;||justify-content: center;&#8221; global_colors_info=&#8221;{}&#8221;][et_pb_column type=&#8221;4_4&#8243; _builder_version=&#8221;4.17.1&#8243; _module_preset=&#8221;default&#8221; global_colors_info=&#8221;{}&#8221;][et_pb_text _builder_version=&#8221;4.17.1&#8243; _module_preset=&#8221;default&#8221; header_font=&#8221;Raleway|800||on|||||&#8221; header_text_color=&#8221;#FFFFFF&#8221; header_font_size=&#8221;60px&#8221; global_colors_info=&#8221;{}&#8221;]<\/p>\n<h1><span style=\"font-weight: 100; font-size: 45px;\">Productos de aresca<\/span><br \/>\nlim\u00f3n<\/h1>\n<p>[\/et_pb_text][\/et_pb_column][\/et_pb_row][\/et_pb_section][et_pb_section fb_built=&#8221;1&#8243; _builder_version=&#8221;4.17.1&#8243; _module_preset=&#8221;default&#8221; global_colors_info=&#8221;{}&#8221;][et_pb_row column_structure=&#8221;1_2,1_2&#8243; _builder_version=&#8221;4.17.1&#8243; _module_preset=&#8221;default&#8221; max_width=&#8221;1300px&#8221; module_alignment=&#8221;center&#8221; global_colors_info=&#8221;{}&#8221;][et_pb_column type=&#8221;1_2&#8243; _builder_version=&#8221;4.17.1&#8243; _module_preset=&#8221;default&#8221; global_colors_info=&#8221;{}&#8221;][et_pb_text _builder_version=&#8221;4.17.1&#8243; _module_preset=&#8221;default&#8221; header_font=&#8221;Raleway|800||on|||||&#8221; header_text_color=&#8221;#000000&#8243; header_font_size=&#8221;60px&#8221; header_2_font=&#8221;Raleway|800||on|||||&#8221; header_2_text_color=&#8221;#000000&#8243; header_2_font_size=&#8221;40px&#8221; global_colors_info=&#8221;{}&#8221;]<\/p>\n<h2>Descripci\u00f3n<\/h2>\n<p>[\/et_pb_text][et_pb_text _builder_version=&#8221;4.17.1&#8243; _module_preset=&#8221;default&#8221; text_font=&#8221;Nunito Sans||||||||&#8221; text_font_size=&#8221;16px&#8221; global_colors_info=&#8221;{}&#8221;]<\/p>\n<p>El lim\u00f3n es originario de Asia, nace de un peque\u00f1o \u00e1rbol, es de piel color verde mate, de fuerte aroma c\u00edtrico. Lo utilizamos en la alimentaci\u00f3n, bebidas o para ali\u00f1ar platillos. Tambi\u00e9n posee usos est\u00e9ticos para la piel o perfumes, gracias a sus maravillosas propiedades como el \u00e1cido c\u00edtrico. Alto aporte en vitamina C que ayuda a incrementar las defensas en nuestro cuerpo para combatir desde amigdalitis, resfriados, etc. Adem\u00e1s de bioflavonas, calcio, magnesio, pectina y limoneno que ayuda al sistema inmunol\u00f3gico.<\/p>\n<p>VARIEDADES:<\/p>\n<ul>\n<li>Lim\u00f3n primofiori<\/li>\n<li>Lim\u00f3n verna<\/li>\n<li>Lim\u00f3n con hoja<\/li>\n<li>Lim\u00f3n eureka<\/li>\n<li>Lim\u00f3n verde<\/li>\n<li>Lim\u00f3n verna<\/li>\n<\/ul>\n<p>[\/et_pb_text][\/et_pb_column][et_pb_column type=&#8221;1_2&#8243; _builder_version=&#8221;4.17.1&#8243; _module_preset=&#8221;default&#8221; global_colors_info=&#8221;{}&#8221;][et_pb_image src=&#8221;https:\/\/aresca.eu\/wp-content\/uploads\/2023\/04\/llimona.jpg&#8221; title_text=&#8221;Llimona d&#8217;Aresca&#8221; align=&#8221;center&#8221; _builder_version=&#8221;4.21.0&#8243; _module_preset=&#8221;default&#8221; width=&#8221;70%&#8221; hover_enabled=&#8221;0&#8243; global_colors_info=&#8221;{}&#8221; height__hover_enabled=&#8221;off|desktop&#8221; alt=&#8221;Llimona d&#8217;Aresca&#8221; sticky_enabled=&#8221;0&#8243;][\/et_pb_image][\/et_pb_column][\/et_pb_row][\/et_pb_section][et_pb_section fb_built=&#8221;1&#8243; _builder_version=&#8221;4.17.1&#8243; _module_preset=&#8221;default&#8221; background_color=&#8221;#fcfcfc&#8221; global_colors_info=&#8221;{}&#8221;][et_pb_row _builder_version=&#8221;4.17.1&#8243; _module_preset=&#8221;default&#8221; max_width=&#8221;1300px&#8221; global_colors_info=&#8221;{}&#8221;][et_pb_column type=&#8221;4_4&#8243; _builder_version=&#8221;4.17.1&#8243; _module_preset=&#8221;default&#8221; global_colors_info=&#8221;{}&#8221;][et_pb_text _builder_version=&#8221;4.17.1&#8243; _module_preset=&#8221;default&#8221; header_font=&#8221;Raleway|800||on|||||&#8221; header_font_size=&#8221;45px&#8221; global_colors_info=&#8221;{}&#8221;]<\/p>\n<h1>Productos <span style=\"font-weight: 100;\">relacionados<\/span><\/h1>\n<p>[\/et_pb_text][et_pb_portfolio fullwidth=&#8221;off&#8221; include_categories=&#8221;current&#8221; show_title=&#8221;off&#8221; show_categories=&#8221;off&#8221; _builder_version=&#8221;4.17.1&#8243; _module_preset=&#8221;default&#8221; global_colors_info=&#8221;{}&#8221;][\/et_pb_portfolio][\/et_pb_column][\/et_pb_row][\/et_pb_section]<\/p>","protected":false},"excerpt":{"rendered":"<p>Productes d&#8217;aresca llimonaDescripci\u00f3La llimona \u00e9s origin\u00e0ria d&#8217;\u00c0sia, neix d&#8217;un petit arbre, \u00e9s de pell color verd mat, de forta aroma c\u00edtrica. El fem servir en l&#8217;alimentaci\u00f3, begudes o per amanir platets. Tamb\u00e9 t\u00e9 usos est\u00e8tics per a la pell o perfums, gr\u00e0cies a les seves meravelloses propietats com l&#8217;\u00e0cid c\u00edtric. Alt aportaci\u00f3 en vitamina C [&hellip;]<\/p>","protected":false},"author":1,"featured_media":594,"comment_status":"open","ping_status":"open","template":"","meta":{"_et_pb_use_builder":"on","_et_pb_old_content":"","_et_gb_content_width":"","footnotes":""},"project_category":[6],"project_tag":[],"class_list":["post-591","project","type-project","status-publish","has-post-thumbnail","hentry","project_category-verdura"],"yoast_head":"<!-- This site is optimized with the Yoast SEO plugin v23.9 - https:\/\/yoast.com\/wordpress\/plugins\/seo\/ -->\n<title>Llimona - Aresca Fruits<\/title>\n<meta name=\"robots\" content=\"index, follow, max-snippet:-1, max-image-preview:large, max-video-preview:-1\" \/>\n<link rel=\"canonical\" href=\"https:\/\/aresca.eu\/esp\/project\/limon\/\" \/>\n<meta property=\"og:locale\" content=\"es_ES\" \/>\n<meta property=\"og:type\" content=\"article\" \/>\n<meta property=\"og:title\" content=\"Llimona - Aresca Fruits\" \/>\n<meta property=\"og:description\" content=\"Productes d&#039;aresca llimonaDescripci\u00f3La llimona \u00e9s origin\u00e0ria d&#039;\u00c0sia, neix d&#039;un petit arbre, \u00e9s de pell color verd mat, de forta aroma c\u00edtrica. El fem servir en l&#039;alimentaci\u00f3, begudes o per amanir platets. Tamb\u00e9 t\u00e9 usos est\u00e8tics per a la pell o perfums, gr\u00e0cies a les seves meravelloses propietats com l&#039;\u00e0cid c\u00edtric. Alt aportaci\u00f3 en vitamina C [&hellip;]\" \/>\n<meta property=\"og:url\" content=\"https:\/\/aresca.eu\/esp\/project\/limon\/\" \/>\n<meta property=\"og:site_name\" content=\"Aresca Fruits\" \/>\n<meta property=\"article:publisher\" content=\"https:\/\/www.facebook.com\/profile.php?id=61550322404597\" \/>\n<meta property=\"article:modified_time\" content=\"2024-01-02T13:32:14+00:00\" \/>\n<meta property=\"og:image\" content=\"https:\/\/aresca.eu\/wp-content\/uploads\/2023\/04\/llimona.jpg\" \/>\n\t<meta property=\"og:image:width\" content=\"800\" \/>\n\t<meta property=\"og:image:height\" content=\"800\" \/>\n\t<meta property=\"og:image:type\" content=\"image\/jpeg\" \/>\n<meta name=\"twitter:card\" content=\"summary_large_image\" \/>\n<meta name=\"twitter:label1\" content=\"Tiempo de lectura\" \/>\n\t<meta name=\"twitter:data1\" content=\"2 minutos\" \/>\n<script type=\"application\/ld+json\" class=\"yoast-schema-graph\">{\"@context\":\"https:\/\/schema.org\",\"@graph\":[{\"@type\":\"WebPage\",\"@id\":\"https:\/\/aresca.eu\/project\/llimona\/\",\"url\":\"https:\/\/aresca.eu\/project\/llimona\/\",\"name\":\"Llimona - Aresca Fruits\",\"isPartOf\":{\"@id\":\"https:\/\/aresca.eu\/#website\"},\"primaryImageOfPage\":{\"@id\":\"https:\/\/aresca.eu\/project\/llimona\/#primaryimage\"},\"image\":{\"@id\":\"https:\/\/aresca.eu\/project\/llimona\/#primaryimage\"},\"thumbnailUrl\":\"https:\/\/aresca.eu\/wp-content\/uploads\/2023\/04\/llimona.jpg\",\"datePublished\":\"2023-04-04T11:20:02+00:00\",\"dateModified\":\"2024-01-02T13:32:14+00:00\",\"breadcrumb\":{\"@id\":\"https:\/\/aresca.eu\/project\/llimona\/#breadcrumb\"},\"inLanguage\":\"es\",\"potentialAction\":[{\"@type\":\"ReadAction\",\"target\":[\"https:\/\/aresca.eu\/project\/llimona\/\"]}]},{\"@type\":\"ImageObject\",\"inLanguage\":\"es\",\"@id\":\"https:\/\/aresca.eu\/project\/llimona\/#primaryimage\",\"url\":\"https:\/\/aresca.eu\/wp-content\/uploads\/2023\/04\/llimona.jpg\",\"contentUrl\":\"https:\/\/aresca.eu\/wp-content\/uploads\/2023\/04\/llimona.jpg\",\"width\":800,\"height\":800,\"caption\":\"Llimona d'Aresca\"},{\"@type\":\"BreadcrumbList\",\"@id\":\"https:\/\/aresca.eu\/project\/llimona\/#breadcrumb\",\"itemListElement\":[{\"@type\":\"ListItem\",\"position\":1,\"name\":\"Inici\",\"item\":\"https:\/\/aresca.eu\/\"},{\"@type\":\"ListItem\",\"position\":2,\"name\":\"Projects\",\"item\":\"https:\/\/aresca.eu\/project\/\"},{\"@type\":\"ListItem\",\"position\":3,\"name\":\"Llimona\"}]},{\"@type\":\"WebSite\",\"@id\":\"https:\/\/aresca.eu\/#website\",\"url\":\"https:\/\/aresca.eu\/\",\"name\":\"Aresca Fruits\",\"description\":\"Fruita fresca i saludable\",\"publisher\":{\"@id\":\"https:\/\/aresca.eu\/#organization\"},\"potentialAction\":[{\"@type\":\"SearchAction\",\"target\":{\"@type\":\"EntryPoint\",\"urlTemplate\":\"https:\/\/aresca.eu\/?s={search_term_string}\"},\"query-input\":{\"@type\":\"PropertyValueSpecification\",\"valueRequired\":true,\"valueName\":\"search_term_string\"}}],\"inLanguage\":\"es\"},{\"@type\":\"Organization\",\"@id\":\"https:\/\/aresca.eu\/#organization\",\"name\":\"Aresca Fruits\",\"url\":\"https:\/\/aresca.eu\/\",\"logo\":{\"@type\":\"ImageObject\",\"inLanguage\":\"es\",\"@id\":\"https:\/\/aresca.eu\/#\/schema\/logo\/image\/\",\"url\":\"https:\/\/aresca.eu\/wp-content\/uploads\/2023\/08\/logo-aresca.png\",\"contentUrl\":\"https:\/\/aresca.eu\/wp-content\/uploads\/2023\/08\/logo-aresca.png\",\"width\":224,\"height\":200,\"caption\":\"Aresca Fruits\"},\"image\":{\"@id\":\"https:\/\/aresca.eu\/#\/schema\/logo\/image\/\"},\"sameAs\":[\"https:\/\/www.facebook.com\/profile.php?id=61550322404597\",\"https:\/\/www.instagram.com\/arescafruitss.l\/\"]}]}<\/script>\n<!-- \/ Yoast SEO plugin. -->","yoast_head_json":{"title":"Llimona - Aresca Fruits","robots":{"index":"index","follow":"follow","max-snippet":"max-snippet:-1","max-image-preview":"max-image-preview:large","max-video-preview":"max-video-preview:-1"},"canonical":"https:\/\/aresca.eu\/esp\/project\/limon\/","og_locale":"es_ES","og_type":"article","og_title":"Llimona - Aresca Fruits","og_description":"Productes d'aresca llimonaDescripci\u00f3La llimona \u00e9s origin\u00e0ria d'\u00c0sia, neix d'un petit arbre, \u00e9s de pell color verd mat, de forta aroma c\u00edtrica. El fem servir en l'alimentaci\u00f3, begudes o per amanir platets. Tamb\u00e9 t\u00e9 usos est\u00e8tics per a la pell o perfums, gr\u00e0cies a les seves meravelloses propietats com l'\u00e0cid c\u00edtric. Alt aportaci\u00f3 en vitamina C [&hellip;]","og_url":"https:\/\/aresca.eu\/esp\/project\/limon\/","og_site_name":"Aresca Fruits","article_publisher":"https:\/\/www.facebook.com\/profile.php?id=61550322404597","article_modified_time":"2024-01-02T13:32:14+00:00","og_image":[{"width":800,"height":800,"url":"https:\/\/aresca.eu\/wp-content\/uploads\/2023\/04\/llimona.jpg","type":"image\/jpeg"}],"twitter_card":"summary_large_image","twitter_misc":{"Tiempo de lectura":"2 minutos"},"schema":{"@context":"https:\/\/schema.org","@graph":[{"@type":"WebPage","@id":"https:\/\/aresca.eu\/project\/llimona\/","url":"https:\/\/aresca.eu\/project\/llimona\/","name":"Llimona - Aresca Fruits","isPartOf":{"@id":"https:\/\/aresca.eu\/#website"},"primaryImageOfPage":{"@id":"https:\/\/aresca.eu\/project\/llimona\/#primaryimage"},"image":{"@id":"https:\/\/aresca.eu\/project\/llimona\/#primaryimage"},"thumbnailUrl":"https:\/\/aresca.eu\/wp-content\/uploads\/2023\/04\/llimona.jpg","datePublished":"2023-04-04T11:20:02+00:00","dateModified":"2024-01-02T13:32:14+00:00","breadcrumb":{"@id":"https:\/\/aresca.eu\/project\/llimona\/#breadcrumb"},"inLanguage":"es","potentialAction":[{"@type":"ReadAction","target":["https:\/\/aresca.eu\/project\/llimona\/"]}]},{"@type":"ImageObject","inLanguage":"es","@id":"https:\/\/aresca.eu\/project\/llimona\/#primaryimage","url":"https:\/\/aresca.eu\/wp-content\/uploads\/2023\/04\/llimona.jpg","contentUrl":"https:\/\/aresca.eu\/wp-content\/uploads\/2023\/04\/llimona.jpg","width":800,"height":800,"caption":"Llimona d'Aresca"},{"@type":"BreadcrumbList","@id":"https:\/\/aresca.eu\/project\/llimona\/#breadcrumb","itemListElement":[{"@type":"ListItem","position":1,"name":"Inici","item":"https:\/\/aresca.eu\/"},{"@type":"ListItem","position":2,"name":"Projects","item":"https:\/\/aresca.eu\/project\/"},{"@type":"ListItem","position":3,"name":"Llimona"}]},{"@type":"WebSite","@id":"https:\/\/aresca.eu\/#website","url":"https:\/\/aresca.eu\/","name":"Aresca Fruits","description":"Fruita fresca i saludable","publisher":{"@id":"https:\/\/aresca.eu\/#organization"},"potentialAction":[{"@type":"SearchAction","target":{"@type":"EntryPoint","urlTemplate":"https:\/\/aresca.eu\/?s={search_term_string}"},"query-input":{"@type":"PropertyValueSpecification","valueRequired":true,"valueName":"search_term_string"}}],"inLanguage":"es"},{"@type":"Organization","@id":"https:\/\/aresca.eu\/#organization","name":"Aresca Fruits","url":"https:\/\/aresca.eu\/","logo":{"@type":"ImageObject","inLanguage":"es","@id":"https:\/\/aresca.eu\/#\/schema\/logo\/image\/","url":"https:\/\/aresca.eu\/wp-content\/uploads\/2023\/08\/logo-aresca.png","contentUrl":"https:\/\/aresca.eu\/wp-content\/uploads\/2023\/08\/logo-aresca.png","width":224,"height":200,"caption":"Aresca Fruits"},"image":{"@id":"https:\/\/aresca.eu\/#\/schema\/logo\/image\/"},"sameAs":["https:\/\/www.facebook.com\/profile.php?id=61550322404597","https:\/\/www.instagram.com\/arescafruitss.l\/"]}]}},"_links":{"self":[{"href":"https:\/\/aresca.eu\/esp\/wp-json\/wp\/v2\/project\/591","targetHints":{"allow":["GET"]}}],"collection":[{"href":"https:\/\/aresca.eu\/esp\/wp-json\/wp\/v2\/project"}],"about":[{"href":"https:\/\/aresca.eu\/esp\/wp-json\/wp\/v2\/types\/project"}],"author":[{"embeddable":true,"href":"https:\/\/aresca.eu\/esp\/wp-json\/wp\/v2\/users\/1"}],"replies":[{"embeddable":true,"href":"https:\/\/aresca.eu\/esp\/wp-json\/wp\/v2\/comments?post=591"}],"version-history":[{"count":5,"href":"https:\/\/aresca.eu\/esp\/wp-json\/wp\/v2\/project\/591\/revisions"}],"predecessor-version":[{"id":1483,"href":"https:\/\/aresca.eu\/esp\/wp-json\/wp\/v2\/project\/591\/revisions\/1483"}],"wp:featuredmedia":[{"embeddable":true,"href":"https:\/\/aresca.eu\/esp\/wp-json\/wp\/v2\/media\/594"}],"wp:attachment":[{"href":"https:\/\/aresca.eu\/esp\/wp-json\/wp\/v2\/media?parent=591"}],"wp:term":[{"taxonomy":"project_category","embeddable":true,"href":"https:\/\/aresca.eu\/esp\/wp-json\/wp\/v2\/project_category?post=591"},{"taxonomy":"project_tag","embeddable":true,"href":"https:\/\/aresca.eu\/esp\/wp-json\/wp\/v2\/project_tag?post=591"}],"curies":[{"name":"wp","href":"https:\/\/api.w.org\/{rel}","templated":true}]}}